{"id":417,"date":"2026-08-31T08:07:13","date_gmt":"2026-08-31T08:07:13","guid":{"rendered":"https:\/\/eszovi.hu\/?page_id=417"},"modified":"2026-08-31T08:08:39","modified_gmt":"2026-08-31T08:08:39","slug":"adatkezelesi-szabalyzat","status":"publish","type":"page","link":"https:\/\/eszovi.hu\/?page_id=417","title":{"rendered":"Adatkezel\u00e9si szab\u00e1lyzat"},"content":{"rendered":"\t\t<div data-elementor-type=\"wp-page\" data-elementor-id=\"417\" class=\"elementor elementor-417\" data-elementor-post-type=\"page\">\n\t\t\t\t<div class=\"elementor-element elementor-element-d19890b e-flex e-con-boxed e-con e-parent\" data-id=\"d19890b\" data-element_type=\"container\" data-e-type=\"container\">\n\t\t\t\t\t<div class=\"e-con-inner\">\n\t\t\t\t<div class=\"elementor-element elementor-element-8c3927f elementor-widget elementor-widget-text-editor\" data-id=\"8c3927f\" data-element_type=\"widget\" data-e-type=\"widget\" data-widget_type=\"text-editor.default\">\n\t\t\t\t\t\t\t\t\t<h3><b>ADATKEZEL\u00c9SI \u00c9S ADATV\u00c9DELMI SZAB\u00c1LYZAT\u00a0<\/b><\/h3><p><b>Erd\u0151sz\u00e9li Mag\u00e1n\u00f3voda\u00a0<\/b><\/p><p><b>1121 Bp., E\u00f6tv\u00f6s \u00fat 38\/B\u00a0<\/b><\/p><ol><li><b> BEVEZET\u0150 RENDELKEZ\u00c9SEK \u00c9S AZ ADATKEZEL\u0150 ADATAI\u00a0<\/b><\/li><\/ol><p>A jelen Adatkezel\u00e9si Szab\u00e1lyzat (a tov\u00e1bbiakban: Szab\u00e1lyzat) c\u00e9lja, hogy r\u00f6gz\u00edtse az Erd\u0151sz\u00e9li\u00a0 Mag\u00e1n\u00f3voda (a tov\u00e1bbiakban: Int\u00e9zm\u00e9ny) \u00e1ltal alkalmazott adatv\u00e9delmi \u00e9s adatkezel\u00e9si\u00a0 elveket, szab\u00e1lyokat, biztos\u00edtva az \u00e9rintettek term\u00e9szetes szem\u00e9lyek jogainak v\u00e9delm\u00e9t a\u00a0 szem\u00e9lyes adataik kezel\u00e9se sor\u00e1n, k\u00fcl\u00f6n\u00f6s tekintettel az Eur\u00f3pai Uni\u00f3 2016\/679 \u00c1ltal\u00e1nos\u00a0 Adatv\u00e9delmi Rendelet\u00e9re (GDPR) \u00e9s a hazai jogszab\u00e1lyokra.\u00a0<\/p><ol><li><b> Az Adatkezel\u0151 adatai:\u00a0<\/b><\/li><\/ol><p><b>N\u00e9v: <\/b>Erd\u0151sz\u00e9li Mag\u00e1n\u00f3voda\u00a0<\/p><p><b>Sz\u00e9khely: <\/b>1121 Bp., E\u00f6tv\u00f6s \u00fat 38\/B\u00a0<\/p><p><b>OM azonos\u00edt\u00f3: <\/b>034506\u00a0<\/p><p><b>K\u00e9pvisel\u0151: <\/b>Timmermann-Varga Edina, \u00f3vodaigazgat\u00f3\u00a0<\/p><p><b>El\u00e9rhet\u0151s\u00e9g: <\/b>+36307027788, erdoszelimaganovoda@gmail.com\u00a0<\/p><ol><li><b> A GYERMEKEK \u00c9S SZ\u00dcL\u0150K ADATAINAK KEZEL\u00c9SE\u00a0<\/b><\/li><li><b> Jogalap \u00e9s c\u00e9l\u00a0<\/b><\/li><\/ol><p>Az \u00f3vodai nevel\u00e9s-oktat\u00e1s k\u00f6r\u00e9ben a gyermekek \u00e9s sz\u00fcl\u0151k adatainak kezel\u00e9se els\u0151sorban jogi\u00a0 k\u00f6telezetts\u00e9g teljes\u00edt\u00e9s\u00e9n (GDPR 6. cikk (1) bekezd\u00e9s c) pont) \u00e9s a nemzeti k\u00f6znevel\u00e9sr\u0151l sz\u00f3l\u00f3\u00a0 2011. \u00e9vi CXC. t\u00f6rv\u00e9ny (Nkt.) el\u0151\u00edr\u00e1sain alapul. Bizonyos esetekben (pl. rendezv\u00e9nyeken\u00a0 k\u00e9sz\u00fclt fot\u00f3k) az adatkezel\u00e9s jogalapja a sz\u00fcl\u0151 \u00f6nk\u00e9ntes hozz\u00e1j\u00e1rul\u00e1sa (GDPR 6. cikk (1)\u00a0 bekezd\u00e9s a) pont).\u00a0<\/p><ol start=\"2\"><li><b> A kezelt adatok k\u00f6re \u00e9s c\u00e9lja:\u00a0<\/b><\/li><\/ol><ul><li>a gyermek neve, sz\u00fclet\u00e9si helye \u00e9s ideje, lak\u00f3helye, tart\u00f3zkod\u00e1si helye, TAJ-sz\u00e1ma,\u00a0 \u00e1llampolg\u00e1rs\u00e1ga, sz\u00fcl\u0151 adatai: n\u00e9v, lakc\u00edm, tart.c\u00edm, sz\u00fclet\u00e9si hely, id\u0151, anyja neve,\u00a0 tel.sz\u00e1m, email c\u00edm. C\u00e9l: Nyilv\u00e1ntart\u00e1s, jogszab\u00e1lyi k\u00f6telezetts\u00e9gek teljes\u00edt\u00e9se,\u00a0 kapcsolattart\u00e1s.\u00a0<\/li><li>fejl\u0151d\u00e9si napl\u00f3k, pedag\u00f3giai szak\u00e9rt\u0151i v\u00e9lem\u00e9nyek, m\u00e9r\u00e9sek eredm\u00e9nyei. C\u00e9l: A gyermek\u00a0 nevel\u00e9s\u00e9nek \u00e9s fejl\u0151d\u00e9s\u00e9nek nyomon k\u00f6vet\u00e9se.\u00a0<\/li><\/ul><p><b>III. DIGIT\u00c1LIS ADATKEZEL\u00c9S \u00c9S A KR\u00c9TA RENDSZER HASZN\u00c1LATA\u00a0<\/b><\/p><p>Az Int\u00e9zm\u00e9ny a jogszab\u00e1lyi k\u00f6telezetts\u00e9geinek eleget t\u00e9ve a K\u00f6znevel\u00e9si Regisztr\u00e1ci\u00f3s \u00e9s\u00a0 Tanulm\u00e1nyi Alaprendszert (KR\u00c9TA) alkalmazza a hivatalos nyilv\u00e1ntart\u00e1sok, a pedag\u00f3giai\u00a0 munka dokument\u00e1l\u00e1sa \u00e9s a sz\u00fcl\u0151kkel val\u00f3 kapcsolattart\u00e1s c\u00e9lj\u00e1b\u00f3l.<\/p><ul><li>Az Int\u00e9zm\u00e9ny a gyermekek \u00e9s sz\u00fcl\u0151k adatait r\u00f6gz\u00edti a KR\u00c9TA rendszerben. A sz\u00fcl\u0151k az\u00a0 mKR\u00c9TA Sz\u00fcl\u0151i Modulon kereszt\u00fcl f\u00e9rnek hozz\u00e1 a gyermek\u00fckkel kapcsolatos\u00a0 inform\u00e1ci\u00f3khoz.\u00a0<\/li><li>A KR\u00c9TA rendszerben t\u00e1rolt adatokhoz kiz\u00e1r\u00f3lag az Int\u00e9zm\u00e9ny arra feljogos\u00edtott dolgoz\u00f3i\u00a0 (\u00f3vodavezet\u00e9s, csoportvezet\u0151 \u00f3v\u00f3n\u0151k, adminisztr\u00e1torok) f\u00e9rhetnek hozz\u00e1 egyedi\u00a0 felhaszn\u00e1l\u00f3n\u00e9vvel \u00e9s jelsz\u00f3val.\u00a0<\/li><li>A KR\u00c9TA rendszer \u00fczemeltet\u0151je adatfeldolgoz\u00f3nak min\u0151s\u00fcl, aki garant\u00e1lja a szerverek \u00e9s a\u00a0 t\u00e1rolt adatok magas szint\u0171 informatikai v\u00e9delm\u00e9t.\u00a0<\/li><\/ul><ol><li><b> K\u00dcL\u00d6NLEGES ADATOK: \u00c9TKEZ\u00c9SI ALLERGI\u00c1K \u00c9S SPECI\u00c1LIS\u00a0 DI\u00c9T\u00c1K\u00a0<\/b><\/li><\/ol><p>A gyermekek eg\u00e9szs\u00e9g\u00fcgyi adatai (\u00edgy az \u00e9tkez\u00e9si allergi\u00e1k, intoleranci\u00e1k, kr\u00f3nikus\u00a0 betegs\u00e9gek) a GDPR 9. cikke alapj\u00e1n k\u00fcl\u00f6nleges adatnak min\u0151s\u00fclnek. Az Int\u00e9zm\u00e9ny ezeket az\u00a0 adatokat fokozott biztons\u00e1gi int\u00e9zked\u00e9sek mellett kezeli a gyermek \u00e9let\u00e9nek \u00e9s eg\u00e9szs\u00e9g\u00e9nek\u00a0 v\u00e9delme \u00e9rdek\u00e9ben (GDPR 6. cikk (1) bekezd\u00e9s d) pont \u00e9s 9. cikk (2) bekezd\u00e9s c) pont).\u00a0<\/p><ul><li>Az \u00e9tkez\u00e9si allergi\u00e1kr\u00f3l sz\u00f3l\u00f3 orvosi igazol\u00e1sokat \u00e9s szakv\u00e9lem\u00e9nyeket az \u00f3voda z\u00e1rt\u00a0 m\u00f3don t\u00e1rolja. A csoportokban \u00e9s a t\u00e1lal\u00f3konyh\u00e1n kiz\u00e1r\u00f3lag a gyermek keresztneve \u00e9s az\u00a0 allergia t\u00edpusa ker\u00fcl kif\u00fcggeszt\u00e9sre a t\u00e9veszt\u00e9sek elker\u00fcl\u00e9se \u00e9rdek\u00e9ben.\u00a0<\/li><li>Az Int\u00e9zm\u00e9ny a speci\u00e1lis di\u00e9t\u00e1s \u00e9tkeztet\u00e9s biztos\u00edt\u00e1sa c\u00e9lj\u00e1b\u00f3l tov\u00e1bb\u00edtja a gyermek\u00a0 allergi\u00e1j\u00e1ra vonatkoz\u00f3 minim\u00e1lisan sz\u00fcks\u00e9ges adatokat az \u00e9tkeztet\u00e9st v\u00e9gz\u0151 k\u00fcls\u0151\u00a0 szolg\u00e1ltat\u00f3nak:\u00a0<\/li><\/ul><p><b>A szolg\u00e1ltat\u00f3 neve: <\/b>FH Gasztro Kft.\u00a0<\/p><ol><li><b> FOGLALKOZTATOTTI (MUNKAV\u00c1LLAL\u00d3I) ADATKEZEL\u00c9S\u00a0<\/b><\/li><\/ol><p>Az Int\u00e9zm\u00e9ny az \u00f3v\u00f3n\u0151k, dajk\u00e1k, pedag\u00f3giai asszisztensek \u00e9s egy\u00e9b alkalmazottak adatait a\u00a0 Munka T\u00f6rv\u00e9nyk\u00f6nyve (Mt.), a k\u00f6znevel\u00e9si jogszab\u00e1lyok, valamint az ad\u00f3- \u00e9s j\u00e1rul\u00e9kt\u00f6rv\u00e9nyek\u00a0 alapj\u00e1n kezeli jogi k\u00f6telezetts\u00e9g teljes\u00edt\u00e9se \u00e9s a munkaszerz\u0151d\u00e9s teljes\u00edt\u00e9se c\u00e9lj\u00e1b\u00f3l.\u00a0<\/p><ul><li><b>Kezelt adatok k\u00f6re: <\/b>n\u00e9v, sz\u00fclet\u00e9si n\u00e9v, sz\u00fclet\u00e9si hely \u00e9s id\u0151, anyja neve, lakc\u00edm,\u00a0 ad\u00f3azonos\u00edt\u00f3 jel, TAJ-sz\u00e1m, banksz\u00e1mlasz\u00e1m, v\u00e9gzetts\u00e9get igazol\u00f3 okiratok, erk\u00f6lcsi\u00a0 bizony\u00edtv\u00e1ny, ped.igazolv\u00e1ny sz\u00e1ma. Gyermkeinek adatai: sz\u00fclet\u00e9si n\u00e9v, sz\u00fclet\u00e9si hely \u00e9s\u00a0 id\u0151, lakc\u00edm, ad\u00f3azonos\u00edt\u00f3 jel, TAJ-sz\u00e1m,\u00a0<\/li><li><b>Az adatkezel\u00e9s c\u00e9lja: <\/b>a munkaszerz\u0151d\u00e9s megk\u00f6t\u00e9se, b\u00e9rsz\u00e1mfejt\u00e9s, ad\u00f3- \u00e9s\u00a0 j\u00e1rul\u00e9kfizet\u00e9s, munkak\u00f6ri eg\u00e9szs\u00e9g\u00fcgyi alkalmass\u00e1g igazol\u00e1sa, szakmai ellen\u0151rz\u00e9sek. \u2022 <b>Adatbiztons\u00e1g: <\/b>Az adatokhoz kiz\u00e1r\u00f3lag az \u00f3vodavezet\u0151 \u00e9s a b\u00e9rsz\u00e1mfejt\u00e9st v\u00e9gz\u0151\u00a0 szerv\/szem\u00e9ly f\u00e9rhet hozz\u00e1. Harmadik f\u00e9l r\u00e9sz\u00e9re adatok csak jogszab\u00e1lyi k\u00f6telezetts\u00e9g (pl.\u00a0 NAV, Magyar \u00c1llamkincst\u00e1r) alapj\u00e1n tov\u00e1bb\u00edthat\u00f3k.\u00a0<\/li><\/ul><ol><li><b> ADATBIZTONS\u00c1GI INT\u00c9ZKED\u00c9SEK\u00a0<\/b><\/li><\/ol><p>Az Adatkezel\u0151 k\u00f6telezetts\u00e9get v\u00e1llal arra, hogy gondoskodik az adatok biztons\u00e1g\u00e1r\u00f3l, megteszi\u00a0 a sz\u00fcks\u00e9ges technikai \u00e9s szervez\u00e9si int\u00e9zked\u00e9seket.<\/p><ul><li>A pap\u00edralap\u00fa nyilv\u00e1ntart\u00e1sokat (szem\u00e9lyi anyagok, fejl\u0151d\u00e9si napl\u00f3k, orvosi igazol\u00e1sok) az\u00a0 \u00f3voda elz\u00e1rhat\u00f3, sz\u00e1raz helyis\u00e9gben vagy z\u00e1rhat\u00f3 szekr\u00e9nyekben t\u00e1rolja, ahov\u00e1\u00a0 illet\u00e9ktelenek nem l\u00e9phetnek be.\u00a0<\/li><li>Az \u00f3vodai sz\u00e1m\u00edt\u00f3g\u00e9pek \u00e9s a KR\u00c9TA rendszer egyedi, er\u0151s jelszavakkal v\u00e9dettek. A\u00a0 dolgoz\u00f3k saj\u00e1t jelszavaikat harmadik f\u00e9lnek nem adhatj\u00e1k \u00e1t.\u00a0<\/li><\/ul><p><b>VII. AZ \u00c9RINTETTEK JOGAI \u00c9S JOGORVOSLATI LEHET\u0150S\u00c9GEK\u00a0<\/b><\/p><p>A sz\u00fcl\u0151k \u00e9s a dolgoz\u00f3k a szem\u00e9lyes adataik kezel\u00e9se kapcs\u00e1n t\u00e1j\u00e9koztat\u00e1st, hozz\u00e1f\u00e9r\u00e9st\u00a0 k\u00e9rhetnek, k\u00e9rhetik adataik helyesb\u00edt\u00e9s\u00e9t, korl\u00e1toz\u00e1s\u00e1t vagy t\u00f6rl\u00e9s\u00e9t (a jogszab\u00e1ly \u00e1ltal\u00a0 k\u00f6telez\u0151en el\u0151\u00edrt adatkezel\u00e9sek kiv\u00e9tel\u00e9vel).\u00a0<\/p><p>Amennyiben az \u00e9rintett \u00fagy \u00edt\u00e9li meg, hogy az Int\u00e9zm\u00e9ny megs\u00e9rtette a szem\u00e9lyes adatok\u00a0 v\u00e9delm\u00e9hez f\u0171z\u0151d\u0151 jogait, panaszt tehet a Nemzeti Adatv\u00e9delmi \u00e9s Inform\u00e1ci\u00f3szabads\u00e1g\u00a0 Hat\u00f3s\u00e1gn\u00e1l (NAIH, 1055 Budapest, Falk Miksa utca 9-11., www.naih.hu), vagy b\u00edr\u00f3s\u00e1ghoz\u00a0 fordulhat.\u00a0<\/p><p><b>VIII. Z\u00c1R\u00d3 RENDELKEZ\u00c9SEK\u00a0<\/b><\/p><p>A jelen Szab\u00e1lyzat 2023.09.01. napj\u00e1n l\u00e9p hat\u00e1lyba. A szab\u00e1lyzatot az \u00f3voda minden\u00a0 dolgoz\u00f3j\u00e1nak meg kell ismernie \u00e9s be kell tartania.<\/p><p><b>MELL\u00c9KLET: MUNKAV\u00c1LLAL\u00d3I AL\u00c1\u00cdR\u00d3 \u00c9S TITOKTART\u00c1SI LAP\u00a0<\/b><\/p><p>Alul\u00edrottak, mint az Erd\u0151sz\u00e9li Mag\u00e1n\u00f3voda munkav\u00e1llal\u00f3i, al\u00e1\u00edr\u00e1sommal igazolom, hogy a fenti\u00a0 Adatkezel\u00e9si \u00e9s Adatv\u00e9delmi Szab\u00e1lyzat tartalm\u00e1t megismertem, azt magamra n\u00e9zve\u00a0 k\u00f6telez\u0151nek ismerem el. V\u00e1llalom, hogy a munk\u00e1m sor\u00e1n tudom\u00e1somra jutott szem\u00e9lyes \u00e9s\u00a0 k\u00fcl\u00f6nleges adatokat (gyermekek, sz\u00fcl\u0151k \u00e9s munkat\u00e1rsak adatai) bizalmasan kezelem, azokat\u00a0 illet\u00e9ktelen harmadik szem\u00e9lynek nem adom \u00e1t, \u00e9s a KR\u00c9TA rendszerhez tartoz\u00f3 bel\u00e9p\u00e9si\u00a0 adataimat biztons\u00e1gosan \u0151rz\u00f6m.<\/p><table><tbody><tr><td><p><b>Munkav\u00e1llal\u00f3 neve\u00a0<\/b><\/p><\/td><td><p><b>Munkak\u00f6r\u00a0<\/b><\/p><\/td><td><p><b>D\u00e1tum\u00a0<\/b><\/p><\/td><td><p><b>Al\u00e1\u00edr\u00e1s<\/b><\/p><\/td><\/tr><tr><td>\u00a0<\/td><td>\u00a0<\/td><td>\u00a0<\/td><td>\u00a0<\/td><\/tr><tr><td>\u00a0<\/td><td>\u00a0<\/td><td>\u00a0<\/td><td>\u00a0<\/td><\/tr><tr><td>\u00a0<\/td><td>\u00a0<\/td><td>\u00a0<\/td><td>\u00a0<\/td><\/tr><tr><td>\u00a0<\/td><td>\u00a0<\/td><td>\u00a0<\/td><td>\u00a0<\/td><\/tr><tr><td>\u00a0<\/td><td>\u00a0<\/td><td>\u00a0<\/td><td>\u00a0<\/td><\/tr><\/tbody><\/table><p><br \/><br \/><br \/><\/p>\t\t\t\t\t\t\t\t<\/div>\n\t\t\t\t\t<\/div>\n\t\t\t\t<\/div>\n\t\t\t\t<\/div>\n\t\t","protected":false},"excerpt":{"rendered":"<p>ADATKEZEL\u00c9SI \u00c9S ADATV\u00c9DELMI SZAB\u00c1LYZAT\u00a0 Erd\u0151sz\u00e9li Mag\u00e1n\u00f3voda\u00a0 1121 Bp., E\u00f6tv\u00f6s \u00fat 38\/B\u00a0 BEVEZET\u0150 RENDELKEZ\u00c9SEK \u00c9S AZ ADATKEZEL\u0150 ADATAI\u00a0 A jelen Adatkezel\u00e9si Szab\u00e1lyzat (a tov\u00e1bbiakban: Szab\u00e1lyzat) c\u00e9lja, hogy r\u00f6gz\u00edtse az Erd\u0151sz\u00e9li\u00a0 Mag\u00e1n\u00f3voda (a tov\u00e1bbiakban: Int\u00e9zm\u00e9ny) \u00e1ltal alkalmazott adatv\u00e9delmi \u00e9s adatkezel\u00e9si\u00a0 elveket, szab\u00e1lyokat, biztos\u00edtva az \u00e9rintettek term\u00e9szetes szem\u00e9lyek jogainak v\u00e9delm\u00e9t a\u00a0 szem\u00e9lyes adataik kezel\u00e9se sor\u00e1n, k\u00fcl\u00f6n\u00f6s tekintettel az [&hellip;]<\/p>\n","protected":false},"author":1,"featured_media":0,"parent":0,"menu_order":0,"comment_status":"closed","ping_status":"closed","template":"","meta":{"footnotes":""},"class_list":["post-417","page","type-page","status-publish","hentry"],"_links":{"self":[{"href":"https:\/\/eszovi.hu\/index.php?rest_route=\/wp\/v2\/pages\/417","targetHints":{"allow":["GET"]}}],"collection":[{"href":"https:\/\/eszovi.hu\/index.php?rest_route=\/wp\/v2\/pages"}],"about":[{"href":"https:\/\/eszovi.hu\/index.php?rest_route=\/wp\/v2\/types\/page"}],"author":[{"embeddable":true,"href":"https:\/\/eszovi.hu\/index.php?rest_route=\/wp\/v2\/users\/1"}],"replies":[{"embeddable":true,"href":"https:\/\/eszovi.hu\/index.php?rest_route=%2Fwp%2Fv2%2Fcomments&post=417"}],"version-history":[{"count":7,"href":"https:\/\/eszovi.hu\/index.php?rest_route=\/wp\/v2\/pages\/417\/revisions"}],"predecessor-version":[{"id":424,"href":"https:\/\/eszovi.hu\/index.php?rest_route=\/wp\/v2\/pages\/417\/revisions\/424"}],"wp:attachment":[{"href":"https:\/\/eszovi.hu\/index.php?rest_route=%2Fwp%2Fv2%2Fmedia&parent=417"}],"curies":[{"name":"wp","href":"https:\/\/api.w.org\/{rel}","templated":true}]}}